{"id":5651,"date":"2024-07-09T18:57:43","date_gmt":"2024-07-09T15:57:43","guid":{"rendered":"https:\/\/eon.gr\/lv\/?page_id=5651"},"modified":"2024-08-02T17:16:02","modified_gmt":"2024-08-02T14:16:02","slug":"taytotita-es","status":"publish","type":"page","link":"https:\/\/eon.gr\/lv\/?page_id=5651&lang=es","title":{"rendered":"ES-\u03a4\u03b1\u03c5\u03c4\u03cc\u03c4\u03b7\u03c4\u03b1"},"content":{"rendered":"\t\t<div data-elementor-type=\"wp-page\" data-elementor-id=\"5651\" class=\"elementor elementor-5651\">\n\t\t\t\t\t\t<section class=\"elementor-section elementor-top-section elementor-element elementor-element-2ae40055 elementor-section-content-top elementor-section-boxed elementor-section-height-default elementor-section-height-default\" data-id=\"2ae40055\" data-element_type=\"section\" data-e-type=\"section\" data-settings=\"{&quot;background_background&quot;:&quot;classic&quot;,&quot;animation&quot;:&quot;none&quot;}\">\n\t\t\t\t\t\t<div class=\"elementor-container elementor-column-gap-extended\">\n\t\t\t\t\t<div class=\"elementor-column elementor-col-100 elementor-top-column elementor-element elementor-element-5cd1c653\" data-id=\"5cd1c653\" data-element_type=\"column\" data-e-type=\"column\">\n\t\t\t<div class=\"elementor-widget-wrap elementor-element-populated\">\n\t\t\t\t\t\t<div class=\"elementor-element elementor-element-a93c4cd elementor-widget__width-initial elementor-widget elementor-widget-text-editor\" data-id=\"a93c4cd\" data-element_type=\"widget\" data-e-type=\"widget\" data-widget_type=\"text-editor.default\">\n\t\t\t\t<div class=\"elementor-widget-container\">\n\t\t\t\t\t\t\t\t\t<h5>La Orden del Lirio y el \u00c1guila (O.L+\u00c1) es un movimiento espiritual libre e independiente de filosof\u00eda inici\u00e1tica, pr\u00e1ctica y social.<\/h5>\t\t\t\t\t\t\t\t<\/div>\n\t\t\t\t<\/div>\n\t\t\t\t<div class=\"elementor-element elementor-element-8c7e781 elementor-widget elementor-widget-pp-advanced-accordion\" data-id=\"8c7e781\" data-element_type=\"widget\" data-e-type=\"widget\" data-settings=\"{&quot;accordion_type&quot;:&quot;accordion&quot;,&quot;toggle_speed&quot;:300}\" data-widget_type=\"pp-advanced-accordion.default\">\n\t\t\t\t<div class=\"elementor-widget-container\">\n\t\t\t\t\t\t\t<div class=\"pp-advanced-accordion pp-toggle-icon-align-left\" id=\"pp-advanced-accordion-8c7e781\" data-accordion-id=\"8c7e781\" role=\"tablist\">\n\t\t\t\t\t\t\t<div class=\"pp-accordion-item\">\n\t\t\t\t\t\t\t\t\t\t<div id=\"pp-accordion-tab-title-1471\" class=\"pp-accordion-tab-title\" tabindex=\"0\" data-tab=\"1\" role=\"tab\" aria-controls=\"pp-accordion-tab-content-1471\" aria-expanded=\"false\">\n\t\t\t\t\t\t<span class=\"pp-accordion-title-icon\">\n\t\t\t\t\t\t\t\t\t\t\t\t\t\t<span class=\"pp-accordion-title-text\">\n\t\t\t\t\t\t\t\tm\u00e1s....\t\t\t\t\t\t\t<\/span>\n\t\t\t\t\t\t<\/span>\n\t\t\t\t\t\t\t\t\t\t\t\t\t<div class=\"pp-accordion-toggle-icon\">\n\t\t\t\t\t\t\t\t\t\t\t\t\t\t\t\t\t<span class='pp-accordion-toggle-icon-close pp-icon'>\n\t\t\t\t\t\t\t\t\t\t<svg aria-hidden=\"true\" class=\"e-font-icon-svg e-fas-plus\" viewBox=\"0 0 448 512\" xmlns=\"http:\/\/www.w3.org\/2000\/svg\"><path d=\"M416 208H272V64c0-17.67-14.33-32-32-32h-32c-17.67 0-32 14.33-32 32v144H32c-17.67 0-32 14.33-32 32v32c0 17.67 14.33 32 32 32h144v144c0 17.67 14.33 32 32 32h32c17.67 0 32-14.33 32-32V304h144c17.67 0 32-14.33 32-32v-32c0-17.67-14.33-32-32-32z\"><\/path><\/svg>\t\t\t\t\t\t\t\t\t<\/span>\n\t\t\t\t\t\t\t\t\t\t\t\t\t\t\t\t\t\t\t\t\t\t\t\t\t<span class='pp-accordion-toggle-icon-open pp-icon'>\n\t\t\t\t\t\t\t\t\t\t<svg aria-hidden=\"true\" class=\"e-font-icon-svg e-fas-minus\" viewBox=\"0 0 448 512\" xmlns=\"http:\/\/www.w3.org\/2000\/svg\"><path d=\"M416 208H32c-17.67 0-32 14.33-32 32v32c0 17.67 14.33 32 32 32h384c17.67 0 32-14.33 32-32v-32c0-17.67-14.33-32-32-32z\"><\/path><\/svg>\t\t\t\t\t\t\t\t\t<\/span>\n\t\t\t\t\t\t\t\t\t\t\t\t\t\t\t<\/div>\n\t\t\t\t\t\t\t\t\t\t\t<\/div>\n\n\t\t\t\t\t<div id=\"pp-accordion-tab-content-1471\" class=\"pp-accordion-tab-content\" data-tab=\"1\" role=\"tabpanel\" aria-labelledby=\"pp-accordion-tab-title-1471\">\n\t\t\t\t\t\t<h5><span style=\"color: #0000ff;\">Como<strong> movimiento<\/strong> <strong>espiritual<\/strong>, la O.L+A conduce a sus miembros por el camino <\/span><span style=\"color: #0000ff;\">filos\u00f3fico en la b\u00fasqueda de las Causas y Leyes de la Vida, individual, colectiva y <\/span><span style=\"color: #0000ff;\">universal.<\/span><\/h5><h5><span style=\"color: #0000ff;\">Es<strong> libre<\/strong> porque no ata ni constri\u00f1e a sus miembros a percepciones, creencias o <\/span><span style=\"color: #0000ff;\">actividades fuera de su control. Al contrario, fomenta la manifestaci\u00f3n de sus <\/span><span style=\"color: #0000ff;\">personalidades dis\u00edmiles.<br \/><\/span><br \/><span style=\"color: #0000ff;\">Es <strong>independiente<\/strong> porque tiene su propia Doctrina, que elabora, profundiza y <\/span><span style=\"color: #0000ff;\">ampl\u00eda constantemente.<br \/><\/span><br \/><span style=\"color: #0000ff;\">Es <strong>espiritual<\/strong> porque busca y resalta lo ideal en lo real.<\/span><\/h5><h5><span style=\"color: #0000ff;\">Es<strong> inici\u00e1tica<\/strong>, porque introduce (inicia) progresivamente a sus miembros en los <\/span><span style=\"color: #0000ff;\">principios y verdades de su Doctrina, para que puedan comprenderlos y <\/span><span style=\"color: #0000ff;\">aplicarlos en beneficio propio y del pr\u00f3jimo.<\/span><\/h5><h5><span style=\"color: #0000ff;\">Es <strong>pr\u00e1ctica<\/strong> porque se refiere tanto a la teor\u00eda de la vida universal como a la <\/span><span style=\"color: #0000ff;\">pr\u00e1ctica de la vida cotidiana, ambas igualmente importantes y cr\u00edticas, tanto <\/span><span style=\"color: #0000ff;\">individual como socialmente.<\/span><\/h5><h5><span style=\"color: #0000ff;\">Por \u00faltimo, es <strong>filos\u00f3fica<\/strong> porque estudia en profundidad las verdades de los seres <\/span><span style=\"color: #0000ff;\">y de las cosas, y luego desarrolla los medios para responder a las necesidades <\/span><span style=\"color: #0000ff;\">reales de los individuos y de su sociedad.<\/span><\/h5>\t\t\t\t\t<\/div>\n\t\t\t\t<\/div>\n\t\t\t\t\t<\/div>\n\t\t\t\t\t\t<\/div>\n\t\t\t\t<\/div>\n\t\t\t\t<div class=\"elementor-element elementor-element-6daf647 elementor-widget elementor-widget-text-editor\" data-id=\"6daf647\" data-element_type=\"widget\" data-e-type=\"widget\" data-widget_type=\"text-editor.default\">\n\t\t\t\t<div class=\"elementor-widget-container\">\n\t\t\t\t\t\t\t\t\t<h5><strong><span style=\"color: #0000ff;\"><br \/><\/span><span style=\"color: #0000ff;\">Objetivos<br \/><\/span><\/strong><span style=\"color: #0000ff;\"><span style=\"color: #000000;\">Seg\u00fan la concepci\u00f3n original de sus fundadores, los tres objetivos son los <\/span><span style=\"color: #000000;\">siguientes:<\/span><\/span><\/h5>\t\t\t\t\t\t\t\t<\/div>\n\t\t\t\t<\/div>\n\t\t\t\t<div class=\"elementor-element elementor-element-309f10b elementor-widget__width-inherit elementor-widget elementor-widget-text-editor\" data-id=\"309f10b\" data-element_type=\"widget\" data-e-type=\"widget\" data-widget_type=\"text-editor.default\">\n\t\t\t\t<div class=\"elementor-widget-container\">\n\t\t\t\t\t\t\t\t\t<h5><span style=\"color: #0000ff;\"><strong>1er Objetivo: <\/strong><span style=\"color: #000000;\">La educaci\u00f3n y la formaci\u00f3n inici\u00e1tica especial y personal de sus miembros con el fin de crear una personalidad libre e independiente.<\/span><\/span><\/h5>\t\t\t\t\t\t\t\t<\/div>\n\t\t\t\t<\/div>\n\t\t\t\t<div class=\"elementor-element elementor-element-5cbbaf7 elementor-widget elementor-widget-pp-advanced-accordion\" data-id=\"5cbbaf7\" data-element_type=\"widget\" data-e-type=\"widget\" data-settings=\"{&quot;accordion_type&quot;:&quot;accordion&quot;,&quot;toggle_speed&quot;:300}\" data-widget_type=\"pp-advanced-accordion.default\">\n\t\t\t\t<div class=\"elementor-widget-container\">\n\t\t\t\t\t\t\t<div class=\"pp-advanced-accordion pp-toggle-icon-align-left\" id=\"pp-advanced-accordion-5cbbaf7\" data-accordion-id=\"5cbbaf7\" role=\"tablist\">\n\t\t\t\t\t\t\t<div class=\"pp-accordion-item\">\n\t\t\t\t\t\t\t\t\t\t<div id=\"pp-accordion-tab-title-9721\" class=\"pp-accordion-tab-title\" tabindex=\"0\" data-tab=\"1\" role=\"tab\" aria-controls=\"pp-accordion-tab-content-9721\" aria-expanded=\"false\">\n\t\t\t\t\t\t<span class=\"pp-accordion-title-icon\">\n\t\t\t\t\t\t\t\t\t\t\t\t\t\t<span class=\"pp-accordion-title-text\">\n\t\t\t\t\t\t\t\tm\u00e1s....\t\t\t\t\t\t\t<\/span>\n\t\t\t\t\t\t<\/span>\n\t\t\t\t\t\t\t\t\t\t\t\t\t<div class=\"pp-accordion-toggle-icon\">\n\t\t\t\t\t\t\t\t\t\t\t\t\t\t\t\t\t<span class='pp-accordion-toggle-icon-close pp-icon'>\n\t\t\t\t\t\t\t\t\t\t<svg aria-hidden=\"true\" class=\"e-font-icon-svg e-fas-plus\" viewBox=\"0 0 448 512\" xmlns=\"http:\/\/www.w3.org\/2000\/svg\"><path d=\"M416 208H272V64c0-17.67-14.33-32-32-32h-32c-17.67 0-32 14.33-32 32v144H32c-17.67 0-32 14.33-32 32v32c0 17.67 14.33 32 32 32h144v144c0 17.67 14.33 32 32 32h32c17.67 0 32-14.33 32-32V304h144c17.67 0 32-14.33 32-32v-32c0-17.67-14.33-32-32-32z\"><\/path><\/svg>\t\t\t\t\t\t\t\t\t<\/span>\n\t\t\t\t\t\t\t\t\t\t\t\t\t\t\t\t\t\t\t\t\t\t\t\t\t<span class='pp-accordion-toggle-icon-open pp-icon'>\n\t\t\t\t\t\t\t\t\t\t<svg aria-hidden=\"true\" class=\"e-font-icon-svg e-fas-minus\" viewBox=\"0 0 448 512\" xmlns=\"http:\/\/www.w3.org\/2000\/svg\"><path d=\"M416 208H32c-17.67 0-32 14.33-32 32v32c0 17.67 14.33 32 32 32h384c17.67 0 32-14.33 32-32v-32c0-17.67-14.33-32-32-32z\"><\/path><\/svg>\t\t\t\t\t\t\t\t\t<\/span>\n\t\t\t\t\t\t\t\t\t\t\t\t\t\t\t<\/div>\n\t\t\t\t\t\t\t\t\t\t\t<\/div>\n\n\t\t\t\t\t<div id=\"pp-accordion-tab-content-9721\" class=\"pp-accordion-tab-content\" data-tab=\"1\" role=\"tabpanel\" aria-labelledby=\"pp-accordion-tab-title-9721\">\n\t\t\t\t\t\t<h5><span style=\"color: #0000ff;\"><strong>Espec\u00edfica<\/strong>, ya que pretende desarrollar las\u00a0 potencialidades latentes que son inherentes a todo ser humano por naturaleza..<\/span><\/h5><h5><span style=\"color: #0000ff;\"><strong>Personal,<\/strong> porque se transmite individualmente a trav\u00e9s del m\u00e9todo partero y dial\u00e9ctico.<\/span><\/h5>\t\t\t\t\t<\/div>\n\t\t\t\t<\/div>\n\t\t\t\t\t<\/div>\n\t\t\t\t\t\t<\/div>\n\t\t\t\t<\/div>\n\t\t\t\t<div class=\"elementor-element elementor-element-45b78b9 elementor-widget elementor-widget-text-editor\" data-id=\"45b78b9\" data-element_type=\"widget\" data-e-type=\"widget\" data-widget_type=\"text-editor.default\">\n\t\t\t\t<div class=\"elementor-widget-container\">\n\t\t\t\t\t\t\t\t\t<h5><span style=\"color: #0000ff;\"><strong>2<\/strong><\/span><strong><span style=\"color: #0000ff;\"><span style=\"color: #4e7bd2;\"><sup>\u03bf\u00a0<\/sup><\/span><\/span><\/strong><strong><span style=\"color: #0000ff;\"><span style=\"color: #4e7bd2;\"><sup>\u00a0<\/sup><\/span><\/span><\/strong><span style=\"color: #0000ff;\"><strong>Objetivo: <\/strong><span style=\"color: #000000;\"><strong>La solidaridad<\/strong> material, mental y espiritual, en la que sus miembros practican y act\u00faan individual y colectivamente, en beneficio de cada<\/span><\/span><span style=\"color: #000000;\">\u00a0enfermo.<\/span><\/h5>\t\t\t\t\t\t\t\t<\/div>\n\t\t\t\t<\/div>\n\t\t\t\t<div class=\"elementor-element elementor-element-caa8ac0 elementor-widget elementor-widget-pp-advanced-accordion\" data-id=\"caa8ac0\" data-element_type=\"widget\" data-e-type=\"widget\" data-settings=\"{&quot;accordion_type&quot;:&quot;accordion&quot;,&quot;toggle_speed&quot;:300}\" data-widget_type=\"pp-advanced-accordion.default\">\n\t\t\t\t<div class=\"elementor-widget-container\">\n\t\t\t\t\t\t\t<div class=\"pp-advanced-accordion pp-toggle-icon-align-left\" id=\"pp-advanced-accordion-caa8ac0\" data-accordion-id=\"caa8ac0\" role=\"tablist\">\n\t\t\t\t\t\t\t<div class=\"pp-accordion-item\">\n\t\t\t\t\t\t\t\t\t\t<div id=\"pp-accordion-tab-title-2121\" class=\"pp-accordion-tab-title\" tabindex=\"0\" data-tab=\"1\" role=\"tab\" aria-controls=\"pp-accordion-tab-content-2121\" aria-expanded=\"false\">\n\t\t\t\t\t\t<span class=\"pp-accordion-title-icon\">\n\t\t\t\t\t\t\t\t\t\t\t\t\t\t<span class=\"pp-accordion-title-text\">\n\t\t\t\t\t\t\t\tm\u00e1s....\t\t\t\t\t\t\t<\/span>\n\t\t\t\t\t\t<\/span>\n\t\t\t\t\t\t\t\t\t\t\t\t\t<div class=\"pp-accordion-toggle-icon\">\n\t\t\t\t\t\t\t\t\t\t\t\t\t\t\t\t\t<span class='pp-accordion-toggle-icon-close pp-icon'>\n\t\t\t\t\t\t\t\t\t\t<svg aria-hidden=\"true\" class=\"e-font-icon-svg e-fas-plus\" viewBox=\"0 0 448 512\" xmlns=\"http:\/\/www.w3.org\/2000\/svg\"><path d=\"M416 208H272V64c0-17.67-14.33-32-32-32h-32c-17.67 0-32 14.33-32 32v144H32c-17.67 0-32 14.33-32 32v32c0 17.67 14.33 32 32 32h144v144c0 17.67 14.33 32 32 32h32c17.67 0 32-14.33 32-32V304h144c17.67 0 32-14.33 32-32v-32c0-17.67-14.33-32-32-32z\"><\/path><\/svg>\t\t\t\t\t\t\t\t\t<\/span>\n\t\t\t\t\t\t\t\t\t\t\t\t\t\t\t\t\t\t\t\t\t\t\t\t\t<span class='pp-accordion-toggle-icon-open pp-icon'>\n\t\t\t\t\t\t\t\t\t\t<svg aria-hidden=\"true\" class=\"e-font-icon-svg e-fas-minus\" viewBox=\"0 0 448 512\" xmlns=\"http:\/\/www.w3.org\/2000\/svg\"><path d=\"M416 208H32c-17.67 0-32 14.33-32 32v32c0 17.67 14.33 32 32 32h384c17.67 0 32-14.33 32-32v-32c0-17.67-14.33-32-32-32z\"><\/path><\/svg>\t\t\t\t\t\t\t\t\t<\/span>\n\t\t\t\t\t\t\t\t\t\t\t\t\t\t\t<\/div>\n\t\t\t\t\t\t\t\t\t\t\t<\/div>\n\n\t\t\t\t\t<div id=\"pp-accordion-tab-content-2121\" class=\"pp-accordion-tab-content\" data-tab=\"1\" role=\"tabpanel\" aria-labelledby=\"pp-accordion-tab-title-2121\">\n\t\t\t\t\t\t<h5 style=\"text-align: left;\"><span style=\"color: #0000ff;\"><strong>Solidaridad material<\/strong>, basada en las necesidades reales del enfermo, <\/span><span style=\"color: #0000ff;\">establecida tras un examen serio y polifac\u00e9tico y\u00a0 actuada en cooperaci\u00f3n, para la <\/span><span style=\"color: #0000ff;\">m\u00e1xima autosuficiencia y dignidad del enfermo.<\/span><\/h5><h5 style=\"text-align: left;\"><span style=\"color: #0000ff;\"><strong>Solidaridad mental<\/strong>, basada en la amistad humana honesta y sincera, actuando en un contexto de reciprocidad bienintencionada.<\/span><\/h5><h5 style=\"text-align: left;\"><span style=\"color: #0000ff;\"><strong>Solidaridad espiritual<\/strong>, sobre la base de un asesoramiento objetivo de la desemejanza, reciprocidad y fraternidad de los seres humanos.<\/span><\/h5>\t\t\t\t\t<\/div>\n\t\t\t\t<\/div>\n\t\t\t\t\t<\/div>\n\t\t\t\t\t\t<\/div>\n\t\t\t\t<\/div>\n\t\t\t\t<div class=\"elementor-element elementor-element-5eee887 elementor-widget elementor-widget-text-editor\" data-id=\"5eee887\" data-element_type=\"widget\" data-e-type=\"widget\" data-widget_type=\"text-editor.default\">\n\t\t\t\t<div class=\"elementor-widget-container\">\n\t\t\t\t\t\t\t\t\t<h5><strong><span style=\"color: #0000ff;\"><span style=\"color: #4e7bd2;\"><span style=\"color: #0000ff;\">3<sup>er<\/sup>Objetivo: <\/span><\/span><\/span><\/strong><span style=\"color: #0000ff;\"><span style=\"color: #4e7bd2;\"><span style=\"color: #0000ff;\"><span style=\"color: #000000;\">El estudio, desarrollo y difusi\u00f3n de un s\u00f3lido C\u00f3digo de Principios <\/span><\/span><\/span><\/span><span style=\"color: #0000ff;\"><span style=\"color: #4e7bd2;\"><span style=\"color: #0000ff;\"><span style=\"color: #000000;\">f\u00edsico, moral y social racional, que pueda sanar y regenerar cualquier sociedad<\/span><\/span><\/span><\/span><span style=\"color: #000000;\">\u00a0humana.<\/span><\/h5>\t\t\t\t\t\t\t\t<\/div>\n\t\t\t\t<\/div>\n\t\t\t\t<div class=\"elementor-element elementor-element-b75e0cc elementor-widget elementor-widget-pp-advanced-accordion\" data-id=\"b75e0cc\" data-element_type=\"widget\" data-e-type=\"widget\" data-settings=\"{&quot;accordion_type&quot;:&quot;accordion&quot;,&quot;toggle_speed&quot;:300}\" data-widget_type=\"pp-advanced-accordion.default\">\n\t\t\t\t<div class=\"elementor-widget-container\">\n\t\t\t\t\t\t\t<div class=\"pp-advanced-accordion pp-toggle-icon-align-left\" id=\"pp-advanced-accordion-b75e0cc\" data-accordion-id=\"b75e0cc\" role=\"tablist\">\n\t\t\t\t\t\t\t<div class=\"pp-accordion-item\">\n\t\t\t\t\t\t\t\t\t\t<div id=\"pp-accordion-tab-title-1921\" class=\"pp-accordion-tab-title\" tabindex=\"0\" data-tab=\"1\" role=\"tab\" aria-controls=\"pp-accordion-tab-content-1921\" aria-expanded=\"false\">\n\t\t\t\t\t\t<span class=\"pp-accordion-title-icon\">\n\t\t\t\t\t\t\t\t\t\t\t\t\t\t<span class=\"pp-accordion-title-text\">\n\t\t\t\t\t\t\t\tm\u00e1s....\t\t\t\t\t\t\t<\/span>\n\t\t\t\t\t\t<\/span>\n\t\t\t\t\t\t\t\t\t\t\t\t\t<div class=\"pp-accordion-toggle-icon\">\n\t\t\t\t\t\t\t\t\t\t\t\t\t\t\t\t\t<span class='pp-accordion-toggle-icon-close pp-icon'>\n\t\t\t\t\t\t\t\t\t\t<svg aria-hidden=\"true\" class=\"e-font-icon-svg e-fas-plus\" viewBox=\"0 0 448 512\" xmlns=\"http:\/\/www.w3.org\/2000\/svg\"><path d=\"M416 208H272V64c0-17.67-14.33-32-32-32h-32c-17.67 0-32 14.33-32 32v144H32c-17.67 0-32 14.33-32 32v32c0 17.67 14.33 32 32 32h144v144c0 17.67 14.33 32 32 32h32c17.67 0 32-14.33 32-32V304h144c17.67 0 32-14.33 32-32v-32c0-17.67-14.33-32-32-32z\"><\/path><\/svg>\t\t\t\t\t\t\t\t\t<\/span>\n\t\t\t\t\t\t\t\t\t\t\t\t\t\t\t\t\t\t\t\t\t\t\t\t\t<span class='pp-accordion-toggle-icon-open pp-icon'>\n\t\t\t\t\t\t\t\t\t\t<svg aria-hidden=\"true\" class=\"e-font-icon-svg e-fas-minus\" viewBox=\"0 0 448 512\" xmlns=\"http:\/\/www.w3.org\/2000\/svg\"><path d=\"M416 208H32c-17.67 0-32 14.33-32 32v32c0 17.67 14.33 32 32 32h384c17.67 0 32-14.33 32-32v-32c0-17.67-14.33-32-32-32z\"><\/path><\/svg>\t\t\t\t\t\t\t\t\t<\/span>\n\t\t\t\t\t\t\t\t\t\t\t\t\t\t\t<\/div>\n\t\t\t\t\t\t\t\t\t\t\t<\/div>\n\n\t\t\t\t\t<div id=\"pp-accordion-tab-content-1921\" class=\"pp-accordion-tab-content\" data-tab=\"1\" role=\"tabpanel\" aria-labelledby=\"pp-accordion-tab-title-1921\">\n\t\t\t\t\t\t<h5><span style=\"color: #0000ff;\">O.L+\u00c1,\u00a0 reuniendo todas sus fuerzas y tras el estudio profundo, la comprensi\u00f3n y la realizaci\u00f3n de las ideas, principios y verdades de la gloria de sus fundadores, podr\u00e1 hacer una declaraci\u00f3n p\u00fablica de un C\u00f3digo Universal de Principios para una sociedad universal de justicia, verdad, felicidad y progreso<\/span><\/h5>\t\t\t\t\t<\/div>\n\t\t\t\t<\/div>\n\t\t\t\t\t<\/div>\n\t\t\t\t\t\t<\/div>\n\t\t\t\t<\/div>\n\t\t\t\t<div class=\"elementor-element elementor-element-3df17f6 elementor-widget elementor-widget-text-editor\" data-id=\"3df17f6\" data-element_type=\"widget\" data-e-type=\"widget\" data-widget_type=\"text-editor.default\">\n\t\t\t\t<div class=\"elementor-widget-container\">\n\t\t\t\t\t\t\t\t\t<h5 style=\"text-align: left;\"><span style=\"color: #0000ff;\"><strong><span style=\"color: #0000ff;\">Los emblemas<br \/><\/span><\/strong><\/span>O.L+\u00c1\u00a0 lleva como emblemas el Lirio y el \u00c1guila, s\u00edmbolos ancestrales de los dos antiguos principios de la creaci\u00f3n: el amor y la sabidur\u00eda, respectivamente. Dado que estos principios vitales superiores de amor y sabidur\u00eda, con todos sus derivados, se encuentran en cada ser humano, los miembros de O.L+\u00c1 prometen trabajar sobre s\u00ed mismos para cultivarlos y aplicarlos tanto en su vida individual como social.<\/h5><h5><span style=\"color: #0000ff;\"><strong>Divulgaci\u00f3n<br \/><\/strong><\/span>Al impartir a sus miembros exclusivamente el desarrollo de sus dis\u00edmiles personalidades, la\u00a0\u00a0O.L+\u00c1 les permite ser fuente de verdadero equilibrio, felicidad y progreso, tanto para ellos mismos como para la sociedad.<br \/>Excluyendo cualquier tipo de propaganda, proselitismo o publicidad, la\u00a0\u00a0O.L+\u00c1 basa la difusi\u00f3n de sus ideas y principios en el trabajo y el ejemplo personal de sus miembros, un ejemplo de buen hacer alejado de cualquier prejuicio, dogmatismo, fanatismo o parcialidad.<\/h5><h5><span style=\"color: #0000ff;\"><strong>Informaci\u00f3n adicional<br \/><\/strong><\/span>Cualquier persona seriamente interesada en la Obra de la O.L+A puede solicitar informaci\u00f3n a trav\u00e9s del formulario de contacto y ser informada con mayor detalle por los responsables de la Orden.<\/h5>\t\t\t\t\t\t\t\t<\/div>\n\t\t\t\t<\/div>\n\t\t\t\t\t<\/div>\n\t\t<\/div>\n\t\t\t\t\t<\/div>\n\t\t<\/section>\n\t\t\t\t<\/div>\n\t\t","protected":false},"excerpt":{"rendered":"<p>La Orden del Lirio y el \u00c1guila (O.L+\u00c1) es un movimiento espiritual libre e independiente de filosof\u00eda inici\u00e1tica, pr\u00e1ctica y social. m\u00e1s&#8230;. Como movimiento espiritual, la O.L+A conduce a sus miembros por el camino filos\u00f3fico en la b\u00fasqueda de las Causas y Leyes de la Vida, individual, colectiva y universal. Es libre porque no ata [&hellip;]<\/p>\n","protected":false},"author":1,"featured_media":0,"parent":0,"menu_order":0,"comment_status":"closed","ping_status":"closed","template":"","meta":{"ocean_post_layout":"full-screen","ocean_both_sidebars_style":"","ocean_both_sidebars_content_width":0,"ocean_both_sidebars_sidebars_width":0,"ocean_sidebar":"0","ocean_second_sidebar":"0","ocean_disable_margins":"enable","ocean_add_body_class":"","ocean_shortcode_before_top_bar":"","ocean_shortcode_after_top_bar":"","ocean_shortcode_before_header":"","ocean_shortcode_after_header":"","ocean_has_shortcode":"","ocean_shortcode_after_title":"","ocean_shortcode_before_footer_widgets":"","ocean_shortcode_after_footer_widgets":"","ocean_shortcode_before_footer_bottom":"","ocean_shortcode_after_footer_bottom":"","ocean_display_top_bar":"default","ocean_display_header":"default","ocean_header_style":"","ocean_center_header_left_menu":"0","ocean_custom_header_template":"0","ocean_custom_logo":0,"ocean_custom_retina_logo":0,"ocean_custom_logo_max_width":0,"ocean_custom_logo_tablet_max_width":0,"ocean_custom_logo_mobile_max_width":0,"ocean_custom_logo_max_height":0,"ocean_custom_logo_tablet_max_height":0,"ocean_custom_logo_mobile_max_height":0,"ocean_header_custom_menu":"0","ocean_menu_typo_font_family":"Tahoma, Geneva, sans-serif","ocean_menu_typo_font_subset":"","ocean_menu_typo_font_size":0,"ocean_menu_typo_font_size_tablet":0,"ocean_menu_typo_font_size_mobile":0,"ocean_menu_typo_font_size_unit":"px","ocean_menu_typo_font_weight":"700","ocean_menu_typo_font_weight_tablet":"","ocean_menu_typo_font_weight_mobile":"","ocean_menu_typo_transform":"","ocean_menu_typo_transform_tablet":"","ocean_menu_typo_transform_mobile":"","ocean_menu_typo_line_height":0,"ocean_menu_typo_line_height_tablet":0,"ocean_menu_typo_line_height_mobile":0,"ocean_menu_typo_line_height_unit":"","ocean_menu_typo_spacing":0,"ocean_menu_typo_spacing_tablet":0,"ocean_menu_typo_spacing_mobile":0,"ocean_menu_typo_spacing_unit":"","ocean_menu_link_color":"","ocean_menu_link_color_hover":"#e91e63","ocean_menu_link_color_active":"","ocean_menu_link_background":"","ocean_menu_link_hover_background":"","ocean_menu_link_active_background":"","ocean_menu_social_links_bg":"","ocean_menu_social_hover_links_bg":"","ocean_menu_social_links_color":"","ocean_menu_social_hover_links_color":"","ocean_disable_title":"default","ocean_disable_heading":"default","ocean_post_title":"","ocean_post_subheading":"","ocean_post_title_style":"","ocean_post_title_background_color":"","ocean_post_title_background":0,"ocean_post_title_bg_image_position":"","ocean_post_title_bg_image_attachment":"","ocean_post_title_bg_image_repeat":"","ocean_post_title_bg_image_size":"","ocean_post_title_height":0,"ocean_post_title_bg_overlay":0.5,"ocean_post_title_bg_overlay_color":"","ocean_disable_breadcrumbs":"default","ocean_breadcrumbs_color":"","ocean_breadcrumbs_separator_color":"","ocean_breadcrumbs_links_color":"","ocean_breadcrumbs_links_hover_color":"","ocean_display_footer_widgets":"default","ocean_display_footer_bottom":"default","ocean_custom_footer_template":"0","footnotes":""},"class_list":["post-5651","page","type-page","status-publish","hentry","entry"],"_links":{"self":[{"href":"https:\/\/eon.gr\/lv\/index.php?rest_route=\/wp\/v2\/pages\/5651","targetHints":{"allow":["GET"]}}],"collection":[{"href":"https:\/\/eon.gr\/lv\/index.php?rest_route=\/wp\/v2\/pages"}],"about":[{"href":"https:\/\/eon.gr\/lv\/index.php?rest_route=\/wp\/v2\/types\/page"}],"author":[{"embeddable":true,"href":"https:\/\/eon.gr\/lv\/index.php?rest_route=\/wp\/v2\/users\/1"}],"replies":[{"embeddable":true,"href":"https:\/\/eon.gr\/lv\/index.php?rest_route=%2Fwp%2Fv2%2Fcomments&post=5651"}],"version-history":[{"count":203,"href":"https:\/\/eon.gr\/lv\/index.php?rest_route=\/wp\/v2\/pages\/5651\/revisions"}],"predecessor-version":[{"id":7658,"href":"https:\/\/eon.gr\/lv\/index.php?rest_route=\/wp\/v2\/pages\/5651\/revisions\/7658"}],"wp:attachment":[{"href":"https:\/\/eon.gr\/lv\/index.php?rest_route=%2Fwp%2Fv2%2Fmedia&parent=5651"}],"curies":[{"name":"wp","href":"https:\/\/api.w.org\/{rel}","templated":true}]}}